{"id":31853,"date":"2022-05-18T10:19:26","date_gmt":"2022-05-18T08:19:26","guid":{"rendered":"https:\/\/www.imds-professional.com\/legge-sulla-due-diligence-della-catena-di-approvvigionamento\/"},"modified":"2026-01-16T13:01:13","modified_gmt":"2026-01-16T12:01:13","slug":"legge-sulla-due-diligence-della-catena-di-approvvigionamento","status":"publish","type":"page","link":"https:\/\/www.imds-professional.com\/it\/legge-sulla-due-diligence-della-catena-di-approvvigionamento\/","title":{"rendered":"Legge sulla due diligence della catena di approvvigionamento"},"content":{"rendered":"\t\t<div data-elementor-type=\"wp-page\" data-elementor-id=\"31853\" class=\"elementor elementor-31853 elementor-30629\" data-elementor-post-type=\"page\">\n\t\t\t\t\t\t<section class=\"elementor-section elementor-top-section elementor-element elementor-element-71ecf61 elementor-hidden-desktop elementor-hidden-tablet elementor-hidden-mobile elementor-section-boxed elementor-section-height-default elementor-section-height-default\" data-id=\"71ecf61\" data-element_type=\"section\" data-e-type=\"section\">\n\t\t\t\t\t\t<div class=\"elementor-container elementor-column-gap-default\">\n\t\t\t\t\t<div class=\"elementor-column elementor-col-100 elementor-top-column elementor-element elementor-element-b2ff2fc\" data-id=\"b2ff2fc\" data-element_type=\"column\" data-e-type=\"column\">\n\t\t\t<div class=\"elementor-widget-wrap elementor-element-populated\">\n\t\t\t\t\t\t<div class=\"elementor-element elementor-element-7946cb4 elementor-widget elementor-widget-text-editor\" data-id=\"7946cb4\" data-element_type=\"widget\" data-e-type=\"widget\" data-widget_type=\"text-editor.default\">\n\t\t\t\t<div class=\"elementor-widget-container\">\n\t\t\t\t\t\t\t\t\t<p>Legge sulla catena di fornitura<\/p>\t\t\t\t\t\t\t\t<\/div>\n\t\t\t\t<\/div>\n\t\t\t\t\t<\/div>\n\t\t<\/div>\n\t\t\t\t\t<\/div>\n\t\t<\/section>\n\t\t\t\t<section class=\"elementor-section elementor-top-section elementor-element elementor-element-310d797 elementor-section-boxed elementor-section-height-default elementor-section-height-default\" data-id=\"310d797\" data-element_type=\"section\" data-e-type=\"section\">\n\t\t\t\t\t\t\t<div class=\"elementor-background-overlay\"><\/div>\n\t\t\t\t\t\t\t<div class=\"elementor-container elementor-column-gap-default\">\n\t\t\t\t\t<div class=\"elementor-column elementor-col-50 elementor-top-column elementor-element elementor-element-3806531\" data-id=\"3806531\" data-element_type=\"column\" data-e-type=\"column\" data-settings=\"{&quot;background_background&quot;:&quot;classic&quot;}\">\n\t\t\t<div class=\"elementor-widget-wrap elementor-element-populated\">\n\t\t\t\t\t<div class=\"elementor-background-overlay\"><\/div>\n\t\t\t\t\t\t<div class=\"elementor-element elementor-element-a86c7cb elementor-nav-menu__align-start elementor-nav-menu--dropdown-none elementor-widget elementor-widget-nav-menu\" data-id=\"a86c7cb\" data-element_type=\"widget\" data-e-type=\"widget\" data-settings=\"{&quot;layout&quot;:&quot;vertical&quot;,&quot;sticky&quot;:&quot;top&quot;,&quot;sticky_parent&quot;:&quot;yes&quot;,&quot;submenu_icon&quot;:{&quot;value&quot;:&quot;&lt;i aria-hidden=\\&quot;true\\&quot; class=\\&quot;\\&quot;&gt;&lt;\\\/i&gt;&quot;,&quot;library&quot;:&quot;&quot;},&quot;sticky_on&quot;:[&quot;desktop&quot;],&quot;sticky_offset&quot;:0,&quot;sticky_effects_offset&quot;:0,&quot;sticky_anchor_link_offset&quot;:0}\" data-widget_type=\"nav-menu.default\">\n\t\t\t\t<div class=\"elementor-widget-container\">\n\t\t\t\t\t\t\t\t<nav aria-label=\"Menu\" class=\"elementor-nav-menu--main elementor-nav-menu__container elementor-nav-menu--layout-vertical e--pointer-none\">\n\t\t\t\t<ul id=\"menu-1-a86c7cb\" class=\"elementor-nav-menu sm-vertical\"><li class=\"menu-item menu-item-type-post_type menu-item-object-page menu-item-53835\"><a href=\"https:\/\/www.imds-professional.com\/it\/legge-sulla-due-diligence-della-catena-di-approvvigionamento\/\" class=\"elementor-item\">Legge sulla catena di fornitura<\/a><\/li>\n<\/ul>\t\t\t<\/nav>\n\t\t\t\t\t\t<nav class=\"elementor-nav-menu--dropdown elementor-nav-menu__container\" aria-hidden=\"true\">\n\t\t\t\t<ul id=\"menu-2-a86c7cb\" class=\"elementor-nav-menu sm-vertical\"><li class=\"menu-item menu-item-type-post_type menu-item-object-page menu-item-53835\"><a href=\"https:\/\/www.imds-professional.com\/it\/legge-sulla-due-diligence-della-catena-di-approvvigionamento\/\" class=\"elementor-item\" tabindex=\"-1\">Legge sulla catena di fornitura<\/a><\/li>\n<\/ul>\t\t\t<\/nav>\n\t\t\t\t\t\t<\/div>\n\t\t\t\t<\/div>\n\t\t\t\t<div class=\"elementor-element elementor-element-94a9fa6 elementor-widget elementor-widget-wp-widget-em_widget\" data-id=\"94a9fa6\" data-element_type=\"widget\" data-e-type=\"widget\" data-widget_type=\"wp-widget-em_widget.default\">\n\t\t\t\t<div class=\"elementor-widget-container\">\n\t\t\t\t\t<h5>Prossimi corsi di formazione:<\/h5><div class=\"em em-list-widget em-events-widget\"><ul><div class=\"em-list-no-items\">Non ci sono eventi<\/div><\/ul><\/div>\t\t\t\t<\/div>\n\t\t\t\t<\/div>\n\t\t\t\t<div class=\"elementor-element elementor-element-1593ad0 elementor-align-left elementor-widget elementor-widget-button\" data-id=\"1593ad0\" data-element_type=\"widget\" data-e-type=\"widget\" data-settings=\"{&quot;sticky&quot;:&quot;top&quot;,&quot;sticky_offset&quot;:330,&quot;sticky_parent&quot;:&quot;yes&quot;,&quot;sticky_on&quot;:[&quot;desktop&quot;],&quot;sticky_effects_offset&quot;:0,&quot;sticky_anchor_link_offset&quot;:0}\" data-widget_type=\"button.default\">\n\t\t\t\t<div class=\"elementor-widget-container\">\n\t\t\t\t\t\t\t\t\t<div class=\"elementor-button-wrapper\">\n\t\t\t\t\t<a class=\"elementor-button elementor-button-link elementor-size-sm elementor-animation-float\" href=\"https:\/\/www.imds-professional.com\/it\/contatto\/\">\n\t\t\t\t\t\t<span class=\"elementor-button-content-wrapper\">\n\t\t\t\t\t\t<span class=\"elementor-button-icon\">\n\t\t\t\t<svg xmlns=\"http:\/\/www.w3.org\/2000\/svg\" id=\"b385ca18-4b85-46d4-bb4b-571c73a19812\" data-name=\"b922a425-e5e0-4ef1-881c-5748460fd139\" viewBox=\"0 0 30.125 18.1738\"><title>arrow-icon-size3<\/title><path d=\"M29.75,9.3948,21.5281,1.1735a.8479.8479,0,0,0-.601-.261L20.9124.9119a.8526.8526,0,0,0-.5956.2409.8642.8642,0,0,0-.0027,1.23l6.7618,6.7611H.7316a.8566.8566,0,1,0,0,1.7131H27.0759l-6.7591,6.7591a.8576.8576,0,0,0-.0214,1.2113.8462.8462,0,0,0,.61.2583.8949.8949,0,0,0,.621-.2556l8.2233-8.224A.8587.8587,0,0,0,29.75,9.3948Z\" transform=\"translate(0.125 -0.9119)\"><\/path><\/svg>\t\t\t<\/span>\n\t\t\t\t\t\t\t\t\t<span class=\"elementor-button-text\">Contattaci<\/span>\n\t\t\t\t\t<\/span>\n\t\t\t\t\t<\/a>\n\t\t\t\t<\/div>\n\t\t\t\t\t\t\t\t<\/div>\n\t\t\t\t<\/div>\n\t\t\t\t<div class=\"elementor-element elementor-element-2ff3192 elementor-align-left elementor-widget elementor-widget-button\" data-id=\"2ff3192\" data-element_type=\"widget\" data-e-type=\"widget\" data-settings=\"{&quot;sticky&quot;:&quot;top&quot;,&quot;sticky_offset&quot;:440,&quot;sticky_parent&quot;:&quot;yes&quot;,&quot;sticky_on&quot;:[&quot;desktop&quot;],&quot;sticky_effects_offset&quot;:0,&quot;sticky_anchor_link_offset&quot;:0}\" data-widget_type=\"button.default\">\n\t\t\t\t<div class=\"elementor-widget-container\">\n\t\t\t\t\t\t\t\t\t<div class=\"elementor-button-wrapper\">\n\t\t\t\t\t<a class=\"elementor-button elementor-button-link elementor-size-sm elementor-animation-float\" href=\"https:\/\/www.imds-professional.com\/it\/formazioni-attuali\/\">\n\t\t\t\t\t\t<span class=\"elementor-button-content-wrapper\">\n\t\t\t\t\t\t<span class=\"elementor-button-icon\">\n\t\t\t\t<svg xmlns=\"http:\/\/www.w3.org\/2000\/svg\" id=\"b385ca18-4b85-46d4-bb4b-571c73a19812\" data-name=\"b922a425-e5e0-4ef1-881c-5748460fd139\" viewBox=\"0 0 30.125 18.1738\"><title>arrow-icon-size3<\/title><path d=\"M29.75,9.3948,21.5281,1.1735a.8479.8479,0,0,0-.601-.261L20.9124.9119a.8526.8526,0,0,0-.5956.2409.8642.8642,0,0,0-.0027,1.23l6.7618,6.7611H.7316a.8566.8566,0,1,0,0,1.7131H27.0759l-6.7591,6.7591a.8576.8576,0,0,0-.0214,1.2113.8462.8462,0,0,0,.61.2583.8949.8949,0,0,0,.621-.2556l8.2233-8.224A.8587.8587,0,0,0,29.75,9.3948Z\" transform=\"translate(0.125 -0.9119)\"><\/path><\/svg>\t\t\t<\/span>\n\t\t\t\t\t\t\t\t\t<span class=\"elementor-button-text\">Date dei corsi di formazione<\/span>\n\t\t\t\t\t<\/span>\n\t\t\t\t\t<\/a>\n\t\t\t\t<\/div>\n\t\t\t\t\t\t\t\t<\/div>\n\t\t\t\t<\/div>\n\t\t\t\t<div class=\"elementor-element elementor-element-c32053f elementor-align-left elementor-widget elementor-widget-button\" data-id=\"c32053f\" data-element_type=\"widget\" data-e-type=\"widget\" data-settings=\"{&quot;sticky&quot;:&quot;top&quot;,&quot;sticky_offset&quot;:500,&quot;sticky_parent&quot;:&quot;yes&quot;,&quot;sticky_on&quot;:[&quot;desktop&quot;],&quot;sticky_effects_offset&quot;:0,&quot;sticky_anchor_link_offset&quot;:0}\" data-widget_type=\"button.default\">\n\t\t\t\t<div class=\"elementor-widget-container\">\n\t\t\t\t\t\t\t\t\t<div class=\"elementor-button-wrapper\">\n\t\t\t\t\t<a class=\"elementor-button elementor-button-link elementor-size-sm elementor-animation-float\" href=\"https:\/\/www.imds-professional.com\/it\/newsletter\/\">\n\t\t\t\t\t\t<span class=\"elementor-button-content-wrapper\">\n\t\t\t\t\t\t<span class=\"elementor-button-icon\">\n\t\t\t\t<svg xmlns=\"http:\/\/www.w3.org\/2000\/svg\" id=\"b385ca18-4b85-46d4-bb4b-571c73a19812\" data-name=\"b922a425-e5e0-4ef1-881c-5748460fd139\" viewBox=\"0 0 30.125 18.1738\"><title>arrow-icon-size3<\/title><path d=\"M29.75,9.3948,21.5281,1.1735a.8479.8479,0,0,0-.601-.261L20.9124.9119a.8526.8526,0,0,0-.5956.2409.8642.8642,0,0,0-.0027,1.23l6.7618,6.7611H.7316a.8566.8566,0,1,0,0,1.7131H27.0759l-6.7591,6.7591a.8576.8576,0,0,0-.0214,1.2113.8462.8462,0,0,0,.61.2583.8949.8949,0,0,0,.621-.2556l8.2233-8.224A.8587.8587,0,0,0,29.75,9.3948Z\" transform=\"translate(0.125 -0.9119)\"><\/path><\/svg>\t\t\t<\/span>\n\t\t\t\t\t\t\t\t\t<span class=\"elementor-button-text\">Newsletter<\/span>\n\t\t\t\t\t<\/span>\n\t\t\t\t\t<\/a>\n\t\t\t\t<\/div>\n\t\t\t\t\t\t\t\t<\/div>\n\t\t\t\t<\/div>\n\t\t\t\t\t<\/div>\n\t\t<\/div>\n\t\t\t\t<div class=\"elementor-column elementor-col-50 elementor-top-column elementor-element elementor-element-e65e6da\" data-id=\"e65e6da\" data-element_type=\"column\" data-e-type=\"column\" data-settings=\"{&quot;background_background&quot;:&quot;classic&quot;}\">\n\t\t\t<div class=\"elementor-widget-wrap elementor-element-populated\">\n\t\t\t\t\t<div class=\"elementor-background-overlay\"><\/div>\n\t\t\t\t\t\t<div class=\"elementor-element elementor-element-7db202b elementor-align-left elementor-widget elementor-widget-button\" data-id=\"7db202b\" data-element_type=\"widget\" data-e-type=\"widget\" data-widget_type=\"button.default\">\n\t\t\t\t<div class=\"elementor-widget-container\">\n\t\t\t\t\t\t\t\t\t<div class=\"elementor-button-wrapper\">\n\t\t\t\t\t<a class=\"elementor-button elementor-button-link elementor-size-sm\" href=\"https:\/\/www.imds-professional.com\/it\/argomenti-specialistici\/\">\n\t\t\t\t\t\t<span class=\"elementor-button-content-wrapper\">\n\t\t\t\t\t\t<span class=\"elementor-button-icon\">\n\t\t\t\t<i aria-hidden=\"true\" class=\"dticon dticon-arrow-down-outline\"><\/i>\t\t\t<\/span>\n\t\t\t\t\t\t\t\t\t<span class=\"elementor-button-text\">Torna agli argomenti specialistici<\/span>\n\t\t\t\t\t<\/span>\n\t\t\t\t\t<\/a>\n\t\t\t\t<\/div>\n\t\t\t\t\t\t\t\t<\/div>\n\t\t\t\t<\/div>\n\t\t\t\t<div class=\"elementor-element elementor-element-7487d88 elementor-widget elementor-widget-heading\" data-id=\"7487d88\" data-element_type=\"widget\" data-e-type=\"widget\" data-widget_type=\"heading.default\">\n\t\t\t\t<div class=\"elementor-widget-container\">\n\t\t\t\t\t<h3 class=\"elementor-heading-title elementor-size-default\"><b>Informazioni e servizi sulla legge sulla catena di fornitura<\/b><\/h3>\t\t\t\t<\/div>\n\t\t\t\t<\/div>\n\t\t\t\t<div class=\"elementor-element elementor-element-1ed5679 elementor-widget-divider--view-line elementor-invisible elementor-widget elementor-widget-divider\" data-id=\"1ed5679\" data-element_type=\"widget\" data-e-type=\"widget\" data-settings=\"{&quot;_animation&quot;:&quot;fadeIn&quot;,&quot;_animation_delay&quot;:150}\" data-widget_type=\"divider.default\">\n\t\t\t\t<div class=\"elementor-widget-container\">\n\t\t\t\t\t\t\t<div class=\"elementor-divider\">\n\t\t\t<span class=\"elementor-divider-separator\">\n\t\t\t\t\t\t<\/span>\n\t\t<\/div>\n\t\t\t\t\t\t<\/div>\n\t\t\t\t<\/div>\n\t\t\t\t<section class=\"elementor-section elementor-inner-section elementor-element elementor-element-c47f052 elementor-section-boxed elementor-section-height-default elementor-section-height-default\" data-id=\"c47f052\" data-element_type=\"section\" data-e-type=\"section\">\n\t\t\t\t\t\t<div class=\"elementor-container elementor-column-gap-default\">\n\t\t\t\t\t<div class=\"elementor-column elementor-col-50 elementor-inner-column elementor-element elementor-element-deaf9ec\" data-id=\"deaf9ec\" data-element_type=\"column\" data-e-type=\"column\">\n\t\t\t<div class=\"elementor-widget-wrap elementor-element-populated\">\n\t\t\t\t\t\t<div class=\"elementor-element elementor-element-8c07343 animated-slow elementor-invisible elementor-widget elementor-widget-heading\" data-id=\"8c07343\" data-element_type=\"widget\" data-e-type=\"widget\" data-settings=\"{&quot;_animation&quot;:&quot;fadeInUp&quot;,&quot;_animation_delay&quot;:100}\" data-widget_type=\"heading.default\">\n\t\t\t\t<div class=\"elementor-widget-container\">\n\t\t\t\t\t<h1 class=\"elementor-heading-title elementor-size-default\">Riflettori puntati su sostenibilit\u00e0 e diritti umani<\/h1>\t\t\t\t<\/div>\n\t\t\t\t<\/div>\n\t\t\t\t\t<\/div>\n\t\t<\/div>\n\t\t\t\t<div class=\"elementor-column elementor-col-50 elementor-inner-column elementor-element elementor-element-dd3ca5c\" data-id=\"dd3ca5c\" data-element_type=\"column\" data-e-type=\"column\">\n\t\t\t<div class=\"elementor-widget-wrap elementor-element-populated\">\n\t\t\t\t\t\t<div class=\"elementor-element elementor-element-b52ea51 elementor-widget elementor-widget-image\" data-id=\"b52ea51\" data-element_type=\"widget\" data-e-type=\"widget\" data-widget_type=\"image.default\">\n\t\t\t\t<div class=\"elementor-widget-container\">\n\t\t\t\t\t\t\t\t\t\t\t\t\t\t\t<img decoding=\"async\" width=\"150\" height=\"150\" src=\"https:\/\/www.imds-professional.com\/wp-content\/uploads\/2024\/08\/plane-g6bbc3cf2d_1920-150x150.jpg\" class=\"attachment-thumbnail size-thumbnail wp-image-57601\" alt=\"\" srcset=\"https:\/\/www.imds-professional.com\/wp-content\/uploads\/2024\/08\/plane-g6bbc3cf2d_1920-150x150.jpg 150w, https:\/\/www.imds-professional.com\/wp-content\/uploads\/2024\/08\/plane-g6bbc3cf2d_1920-600x600.jpg 600w, https:\/\/www.imds-professional.com\/wp-content\/uploads\/2024\/08\/plane-g6bbc3cf2d_1920-300x300.jpg 300w, https:\/\/www.imds-professional.com\/wp-content\/uploads\/2024\/08\/plane-g6bbc3cf2d_1920-100x100.jpg 100w\" sizes=\"(max-width: 150px) 100vw, 150px\" \/>\t\t\t\t\t\t\t\t\t\t\t\t\t\t\t<\/div>\n\t\t\t\t<\/div>\n\t\t\t\t\t<\/div>\n\t\t<\/div>\n\t\t\t\t\t<\/div>\n\t\t<\/section>\n\t\t\t\t<div class=\"elementor-element elementor-element-ddcf113 elementor-widget elementor-widget-text-editor\" data-id=\"ddcf113\" data-element_type=\"widget\" data-e-type=\"widget\" data-widget_type=\"text-editor.default\">\n\t\t\t\t<div class=\"elementor-widget-container\">\n\t\t\t\t\t\t\t\t\t<p><span class=\"NormalTextRun SCXW255795050 BCX9\">Nel nostro mondo interconnesso con catene di approvvigionamento interdipendenti, le questioni della compatibilit\u00e0 ambientale, dei diritti umani e della sostenibilit\u00e0 giocano un ruolo sempre pi\u00f9 importante. Anche a causa di incidenti nelle fabbriche tessili o nelle miniere, le domande sull&#8217;origine e sulle condizioni di lavoro sono al centro dell&#8217;attenzione pubblica. I consumatori vogliono sapere da dove provengono i prodotti, in quali condizioni vengono prodotti e quanto sono riciclabili e sostenibili. Anche le aziende e i politici si concentrano sempre pi\u00f9 sulla sostenibilit\u00e0 e sulla neutralit\u00e0 climatica (parola chiave Green Deal).<\/span><\/p><p><span class=\"NormalTextRun SCXW255795050 BCX9\">Dal 2023, in Germania entrer\u00e0 in vigore la <a href=\"https:\/\/www.gesetze-im-internet.de\/lksg\/BJNR295910021.html\" target=\"_blank\" rel=\"noopener\">legge sugli obblighi di approvvigionamento della catena di fornitura (LkSG)<\/a>. Nel maggio 2024, il Consiglio europeo ha approvato una proposta di compromesso per una <a href=\"https:\/\/eur-lex.europa.eu\/legal-content\/IT\/TXT\/?uri=CELEX:52022PC0071\" target=\"_blank\" rel=\"noopener\">direttiva sulla dovuta diligenza in materia di sostenibilit\u00e0 delle imprese (CSDDD)<\/a>. Tuttavia, secondo l&#8217;attuale proposta della Commissione UE, il recepimento sar\u00e0 posticipato al giugno 2028 e il suo contenuto sar\u00e0 indebolito.<\/span><\/p><p><span class=\"NormalTextRun SCXW255795050 BCX9\">In questa pagina presentiamo i contenuti e vi mostriamo quali sono le aziende interessate e cosa bisogna fare.<\/span><\/p>\t\t\t\t\t\t\t\t<\/div>\n\t\t\t\t<\/div>\n\t\t\t\t<div class=\"elementor-element elementor-element-6dee942 elementor-widget elementor-widget-toggle\" data-id=\"6dee942\" data-element_type=\"widget\" data-e-type=\"widget\" data-widget_type=\"toggle.default\">\n\t\t\t\t<div class=\"elementor-widget-container\">\n\t\t\t\t\t\t\t<div class=\"elementor-toggle\">\n\t\t\t\t\t\t\t<div class=\"elementor-toggle-item\">\n\t\t\t\t\t<div id=\"elementor-tab-title-1151\" class=\"elementor-tab-title\" data-tab=\"1\" role=\"button\" aria-controls=\"elementor-tab-content-1151\" aria-expanded=\"false\">\n\t\t\t\t\t\t\t\t\t\t\t\t<span class=\"elementor-toggle-icon elementor-toggle-icon-left\" aria-hidden=\"true\">\n\t\t\t\t\t\t\t\t\t\t\t\t\t\t\t<span class=\"elementor-toggle-icon-closed\"><svg class=\"e-font-icon-svg e-fas-caret-right\" viewBox=\"0 0 192 512\" xmlns=\"http:\/\/www.w3.org\/2000\/svg\"><path d=\"M0 384.662V127.338c0-17.818 21.543-26.741 34.142-14.142l128.662 128.662c7.81 7.81 7.81 20.474 0 28.284L34.142 398.804C21.543 411.404 0 402.48 0 384.662z\"><\/path><\/svg><\/span>\n\t\t\t\t\t\t\t\t<span class=\"elementor-toggle-icon-opened\"><svg class=\"elementor-toggle-icon-opened e-font-icon-svg e-fas-caret-up\" viewBox=\"0 0 320 512\" xmlns=\"http:\/\/www.w3.org\/2000\/svg\"><path d=\"M288.662 352H31.338c-17.818 0-26.741-21.543-14.142-34.142l128.662-128.662c7.81-7.81 20.474-7.81 28.284 0l128.662 128.662c12.6 12.599 3.676 34.142-14.142 34.142z\"><\/path><\/svg><\/span>\n\t\t\t\t\t\t\t\t\t\t\t\t\t<\/span>\n\t\t\t\t\t\t\t\t\t\t\t\t<a class=\"elementor-toggle-title\" tabindex=\"0\">La legge tedesca sul dovere di diligenza nella catena di fornitura<\/a>\n\t\t\t\t\t<\/div>\n\n\t\t\t\t\t<div id=\"elementor-tab-content-1151\" class=\"elementor-tab-content elementor-clearfix\" data-tab=\"1\" role=\"region\" aria-labelledby=\"elementor-tab-title-1151\"><p>La legge sugli obblighi di approvvigionamento della catena di fornitura (LkSG) entra in vigore il 1\u00b0 gennaio 2023 e si applica alle aziende con pi\u00f9 di 3.000 dipendenti. Nella seconda fase, tutte le aziende con pi\u00f9 di 1.000 dipendenti saranno interessate dal 1\u00b0 gennaio 2024. Come gi\u00e0 suggerisce il titolo, si tratta di osservare i diritti umani e alcuni obblighi di diligenza ambientale nelle proprie catene di approvvigionamento.<\/p><p><strong>Questi obblighi di due diligence comprendono:<\/strong><\/p><ol><li>istituzione della gestione del rischio in tutti i processi aziendali rilevanti (\u00a74)<\/li><li>condurre almeno una volta all&#8217;anno analisi dei rischi per identificare i rischi nelle proprie operazioni commerciali e in quelle dei propri fornitori diretti (\u00a75)<\/li><li>adozione di una dichiarazione politica da parte della direzione sulla strategia in materia di diritti umani (ai sensi del \u00a76, paragrafo 2, punto 2).<\/li><li>attuazione di misure preventive (\u00a76)<\/li><li>preparazione e pubblicazione di una relazione sull&#8217;adempimento degli obblighi di diligenza (\u00a710)<\/li><li>adottare misure correttive per prevenire, interrompere o ridurre al minimo le violazioni (\u00a77)<\/li><li>condurre l&#8217;analisi dei rischi correlati alle cause, le misure preventive e le azioni correttive presso i fornitori indiretti (\u00a79)<\/li><li>istituzione di una procedura di reclamo<\/li><\/ol><p>La catena di fornitura si riferisce a tutte le fasi e le aziende coinvolte nella produzione e nella commercializzazione di un prodotto, cio\u00e8 dall&#8217;estrazione delle materie prime alla consegna al cliente finale. Sono inclusi anche servizi come il trasporto o lo stoccaggio intermedio. Ci\u00f2 significa che la legge riguarda indirettamente anche le aziende che non adempiono direttamente ai suddetti obblighi di diligenza, ma che devono fornire informazioni ai loro clienti.<\/p><p><strong>I diritti umani che devono essere rispettati sono:<\/strong><\/p><ul><li>Divieto di lavoro minorile<\/li><li>Protezione dalla schiavit\u00f9 e dal lavoro forzato<\/li><li>Libert\u00e0 dalla discriminazione<\/li><li>Protezione contro il sequestro illegale dei terreni<\/li><li>Salute e sicurezza sul lavoro e rischi per la salute correlati<\/li><li>Divieto di trattenere un&#8217;equa retribuzione<\/li><li>Diritto di costituire sindacati o organismi di rappresentanza dei lavoratori<\/li><li>Divieto di provocare l&#8217;inquinamento dannoso del suolo o dell&#8217;acqua<\/li><li>Protezione dalla tortura<\/li><\/ul><p><strong>\u00c8 necessario tenere in considerazione i seguenti aspetti ambientali:<\/strong><\/p><ul><li>l&#8217;osservanza dei divieti relativi alle sostanze<\/li><li>la Convenzione di Minimata (&#8220;Convenzione sul mercurio&#8221;)<\/li><li>la Convenzione di Stoccolma sugli inquinanti organici persistenti (POP)<\/li><li>la Convenzione di Basilea sui movimenti transfrontalieri di rifiuti pericolosi e il loro smaltimento.<\/li><\/ul><p>\u00c8 importante notare che si applica il principio di proporzionalit\u00e0. Innanzitutto, gli obblighi da rispettare sono graduati in base alla sfera di influenza dell&#8217;azienda: alle operazioni commerciali dell&#8217;azienda stessa si applicano norme diverse rispetto alle azioni di partner contrattuali come le filiali o altri fornitori. Inoltre, un&#8217;azienda \u00e8 tenuta a fare solo ci\u00f2 che ci si pu\u00f2 ragionevolmente aspettare che faccia a causa delle sue dimensioni, della natura della sua attivit\u00e0 o della sua vicinanza al fornitore. Non c&#8217;\u00e8 alcun obbligo di impedire il successo, ma solo l&#8217;obbligo di fare uno sforzo.<\/p><\/div>\n\t\t\t\t<\/div>\n\t\t\t\t\t\t\t<div class=\"elementor-toggle-item\">\n\t\t\t\t\t<div id=\"elementor-tab-title-1152\" class=\"elementor-tab-title\" data-tab=\"2\" role=\"button\" aria-controls=\"elementor-tab-content-1152\" aria-expanded=\"false\">\n\t\t\t\t\t\t\t\t\t\t\t\t<span class=\"elementor-toggle-icon elementor-toggle-icon-left\" aria-hidden=\"true\">\n\t\t\t\t\t\t\t\t\t\t\t\t\t\t\t<span class=\"elementor-toggle-icon-closed\"><svg class=\"e-font-icon-svg e-fas-caret-right\" viewBox=\"0 0 192 512\" xmlns=\"http:\/\/www.w3.org\/2000\/svg\"><path d=\"M0 384.662V127.338c0-17.818 21.543-26.741 34.142-14.142l128.662 128.662c7.81 7.81 7.81 20.474 0 28.284L34.142 398.804C21.543 411.404 0 402.48 0 384.662z\"><\/path><\/svg><\/span>\n\t\t\t\t\t\t\t\t<span class=\"elementor-toggle-icon-opened\"><svg class=\"elementor-toggle-icon-opened e-font-icon-svg e-fas-caret-up\" viewBox=\"0 0 320 512\" xmlns=\"http:\/\/www.w3.org\/2000\/svg\"><path d=\"M288.662 352H31.338c-17.818 0-26.741-21.543-14.142-34.142l128.662-128.662c7.81-7.81 20.474-7.81 28.284 0l128.662 128.662c12.6 12.599 3.676 34.142-14.142 34.142z\"><\/path><\/svg><\/span>\n\t\t\t\t\t\t\t\t\t\t\t\t\t<\/span>\n\t\t\t\t\t\t\t\t\t\t\t\t<a class=\"elementor-toggle-title\" tabindex=\"0\">La direttiva UE relativa al dovere di diligenza delle imprese ai fini della sostenibilit\u00e0<\/a>\n\t\t\t\t\t<\/div>\n\n\t\t\t\t\t<div id=\"elementor-tab-content-1152\" class=\"elementor-tab-content elementor-clearfix\" data-tab=\"2\" role=\"region\" aria-labelledby=\"elementor-tab-title-1152\"><p>Con la direttiva sulla dovuta diligenza in materia di sostenibilit\u00e0 delle imprese e le relative modifiche, l&#8217;UE intende promuovere un comportamento sostenibile e responsabile da parte delle imprese lungo l&#8217;intera catena di approvvigionamento. L&#8217;obiettivo \u00e8 rendere obbligatoria per tutte le aziende la tutela dei diritti umani e dell&#8217;ambiente.<\/p><p><strong>Aziende interessate:<\/strong><\/p><ul><li>Grandi imprese UE a responsabilit\u00e0 limitata e societ\u00e0 di persone (&gt;1000 dipendenti e &gt;450 milioni di euro di fatturato (netto) a livello mondiale)<\/li><li>Grandi imprese non UE (&gt; 450 milioni di euro di fatturato (netto) nell&#8217;UE)<\/li><li>Anche le PMI e le microimprese possono essere indirettamente interessate in quanto partner commerciali.<\/li><\/ul><p><strong>Ulteriori diritti e regolamenti da considerare:<\/strong><\/p><ul><li>Problemi di diritti umani e fondamentali, come la libert\u00e0 di credo e di religione.<\/li><li>diritti dei bambini (anche al di l\u00e0 del lavoro minorile)<\/li><li>diritti dei popoli indigeni<\/li><li>Protezione della biodiversit\u00e0<\/li><li>Convenzione di Washington sul commercio internazionale delle specie minacciate di estinzione (CITES)<\/li><li>Commercio di prodotti chimici pericolosi (PIC)<\/li><li>Protezione dello strato di ozono<\/li><li>Rispetto degli obiettivi dell&#8217;Accordo di Parigi sui cambiamenti climatici (Green Deal europeo).<\/li><\/ul><p>Un&#8217;altra differenza rispetto alla LkSG tedesca \u00e8 che essa prevede esplicitamente norme sulla responsabilit\u00e0 in caso di mancato rispetto degli obblighi di diligenza.<\/p><p>Secondo lo stato attuale, la direttiva europea dovr\u00e0 essere recepita nel diritto nazionale degli Stati membri nel giugno 2028 e alcune norme saranno indebolite. Le informazioni pi\u00f9 recenti e i link utili sono disponibili nel nostro <a href=\"https:\/\/www.imds-professional.com\/en\/the-clean-industrial-deal-is-intended-to-strengthen-european-industry\/\" target=\"_blank\" rel=\"noopener\">ipJournal<\/a>.<\/p><\/div>\n\t\t\t\t<\/div>\n\t\t\t\t\t\t\t<div class=\"elementor-toggle-item\">\n\t\t\t\t\t<div id=\"elementor-tab-title-1153\" class=\"elementor-tab-title\" data-tab=\"3\" role=\"button\" aria-controls=\"elementor-tab-content-1153\" aria-expanded=\"false\">\n\t\t\t\t\t\t\t\t\t\t\t\t<span class=\"elementor-toggle-icon elementor-toggle-icon-left\" aria-hidden=\"true\">\n\t\t\t\t\t\t\t\t\t\t\t\t\t\t\t<span class=\"elementor-toggle-icon-closed\"><svg class=\"e-font-icon-svg e-fas-caret-right\" viewBox=\"0 0 192 512\" xmlns=\"http:\/\/www.w3.org\/2000\/svg\"><path d=\"M0 384.662V127.338c0-17.818 21.543-26.741 34.142-14.142l128.662 128.662c7.81 7.81 7.81 20.474 0 28.284L34.142 398.804C21.543 411.404 0 402.48 0 384.662z\"><\/path><\/svg><\/span>\n\t\t\t\t\t\t\t\t<span class=\"elementor-toggle-icon-opened\"><svg class=\"elementor-toggle-icon-opened e-font-icon-svg e-fas-caret-up\" viewBox=\"0 0 320 512\" xmlns=\"http:\/\/www.w3.org\/2000\/svg\"><path d=\"M288.662 352H31.338c-17.818 0-26.741-21.543-14.142-34.142l128.662-128.662c7.81-7.81 20.474-7.81 28.284 0l128.662 128.662c12.6 12.599 3.676 34.142-14.142 34.142z\"><\/path><\/svg><\/span>\n\t\t\t\t\t\t\t\t\t\t\t\t\t<\/span>\n\t\t\t\t\t\t\t\t\t\t\t\t<a class=\"elementor-toggle-title\" tabindex=\"0\">La legge sulla catena di approvvigionamento e i minerali dei conflitti<\/a>\n\t\t\t\t\t<\/div>\n\n\t\t\t\t\t<div id=\"elementor-tab-content-1153\" class=\"elementor-tab-content elementor-clearfix\" data-tab=\"3\" role=\"region\" aria-labelledby=\"elementor-tab-title-1153\"><p>Anche le leggi sulla catena di fornitura rendono di nuovo attuale la questione dei <a href=\"https:\/\/www.imds-professional.com\/it\/minerali-dei-conflitti\/\" target=\"_blank\" rel=\"noopener\">minerali dei conflitti<\/a> per le aziende europee. Finora, solo gli importatori dell&#8217;UE dovevano rispettare i requisiti di due diligence quando importavano stagno, tantalio, tungsteno, i loro minerali o l&#8217;oro (i cosiddetti 3TG). Altre aziende sono state colpite solo indirettamente se hanno effettuato forniture a societ\u00e0 quotate in borsa negli Stati Uniti, che a loro volta devono fornire informazioni sull&#8217;origine di questi minerali in base al Dodd-Frank Act. Tra le altre cose, la LkSG mira a prevenire il lavoro minorile e a garantire la tutela del lavoro e un salario equo. In molte miniere dove si estraggono minerali come il 3TG, ma anche altri come la mica e il cobalto, spesso non \u00e8 cos\u00ec &#8211; e non solo nella Repubblica Democratica del Congo, a cui si riferiscono le normative sul 3TG finora in vigore.<\/p><p>Il modulo CMRT Excel &#8211; fornito dalla Responsible Minerals Initiative (RMI) &#8211; \u00e8 utilizzato per segnalare i 3TG definiti come minerali di conflitto. Dall&#8217;ottobre 2021 \u00e8 disponibile un modulo di segnalazione esteso, l&#8217;EMRT. Il suo scopo \u00e8 quello di identificare i colli di bottiglia e raccogliere informazioni sulla due diligence nella catena di approvvigionamento del cobalto e della mica. Nell&#8217;aprile 2025 sar\u00e0 ampliato per includere i minerali rame, grafite (naturale), litio e nichel, al fine di soddisfare i requisiti del <a href=\"https:\/\/www.imds-professional.com\/it\/il-regolamento-ue-sulle-batterie\/\" target=\"_blank\" rel=\"noopener\">Regolamento UE sulle batterie<\/a>.<\/p><\/div>\n\t\t\t\t<\/div>\n\t\t\t\t\t\t\t<div class=\"elementor-toggle-item\">\n\t\t\t\t\t<div id=\"elementor-tab-title-1154\" class=\"elementor-tab-title\" data-tab=\"4\" role=\"button\" aria-controls=\"elementor-tab-content-1154\" aria-expanded=\"false\">\n\t\t\t\t\t\t\t\t\t\t\t\t<span class=\"elementor-toggle-icon elementor-toggle-icon-left\" aria-hidden=\"true\">\n\t\t\t\t\t\t\t\t\t\t\t\t\t\t\t<span class=\"elementor-toggle-icon-closed\"><svg class=\"e-font-icon-svg e-fas-caret-right\" viewBox=\"0 0 192 512\" xmlns=\"http:\/\/www.w3.org\/2000\/svg\"><path d=\"M0 384.662V127.338c0-17.818 21.543-26.741 34.142-14.142l128.662 128.662c7.81 7.81 7.81 20.474 0 28.284L34.142 398.804C21.543 411.404 0 402.48 0 384.662z\"><\/path><\/svg><\/span>\n\t\t\t\t\t\t\t\t<span class=\"elementor-toggle-icon-opened\"><svg class=\"elementor-toggle-icon-opened e-font-icon-svg e-fas-caret-up\" viewBox=\"0 0 320 512\" xmlns=\"http:\/\/www.w3.org\/2000\/svg\"><path d=\"M288.662 352H31.338c-17.818 0-26.741-21.543-14.142-34.142l128.662-128.662c7.81-7.81 20.474-7.81 28.284 0l128.662 128.662c12.6 12.599 3.676 34.142-14.142 34.142z\"><\/path><\/svg><\/span>\n\t\t\t\t\t\t\t\t\t\t\t\t\t<\/span>\n\t\t\t\t\t\t\t\t\t\t\t\t<a class=\"elementor-toggle-title\" tabindex=\"0\">Link utili<\/a>\n\t\t\t\t\t<\/div>\n\n\t\t\t\t\t<div id=\"elementor-tab-content-1154\" class=\"elementor-tab-content elementor-clearfix\" data-tab=\"4\" role=\"region\" aria-labelledby=\"elementor-tab-title-1154\"><table width=\"630\">\n<tbody>\n<tr>\n<td width=\"470\">Panoramica sulle pagine BAFA:<\/td>\n<td width=\"160\"><a href=\"https:\/\/www.bafa.de\/DE\/Lieferketten\/Ueberblick\/ueberblick_node.html;jsessionid=39BCD5F0C7531AB00474CCC09D12DE2F.1_cid381\" target=\"_blank\" rel=\"noopener\">Link<\/a><\/td>\n<\/tr>\n<tr>\n<td width=\"470\">Legge sulla due diligence aziendale per prevenire le violazioni dei diritti umani nelle catene di approvvigionamento:<\/td>\n<td width=\"160\"><a href=\"https:\/\/www.gesetze-im-internet.de\/lksg\/\" target=\"_blank\" rel=\"noopener\">Link<\/a><\/td>\n<\/tr>\n<tr>\n<td width=\"470\">Panoramica sul sito web del BMZ:<\/td>\n<td width=\"160\"><a href=\"https:\/\/www.bmz.de\/de\/entwicklungspolitik\/lieferkettengesetz\" target=\"_blank\" rel=\"noopener\">Link<\/a><\/td>\n<\/tr>\n<tr>\n<td width=\"470\">Panoramica su csr-in-deutschland.de:<\/td>\n<td width=\"160\"><a href=\"https:\/\/www.csr-in-deutschland.de\/DE\/Wirtschaft-Menschenrechte\/Gesetz-ueber-die-unternehmerischen-Sorgfaltspflichten-in-Lieferketten\/gesetz-ueber-die-unternehmerischen-sorgfaltspflichten-in-lieferketten.html\" target=\"_blank\" rel=\"noopener\">Link<\/a><\/td>\n<\/tr>\n<tr>\n<td width=\"470\">Progetto della Commissione UE:<\/td>\n<td width=\"160\"><a href=\"https:\/\/ec.europa.eu\/info\/sites\/default\/files\/1_2_183888_annex_dir_susta_en.pdf\" target=\"_blank\" rel=\"noopener\">PDF<\/a><\/td>\n<\/tr>\n<tr>\n<td width=\"470\">Informazioni della Commissione europea (in inglese):<\/td>\n<td width=\"160\"><a href=\"https:\/\/commission.europa.eu\/business-economy-euro\/doing-business-eu\/corporate-sustainability-due-diligence_en\" target=\"_blank\" rel=\"noopener\">Link<\/a><\/td>\n<\/tr>\n<\/tbody>\n<\/table><\/div>\n\t\t\t\t<\/div>\n\t\t\t\t\t\t\t\t<\/div>\n\t\t\t\t\t\t<\/div>\n\t\t\t\t<\/div>\n\t\t\t\t<div class=\"elementor-element elementor-element-1ad3e96 elementor-widget elementor-widget-image\" data-id=\"1ad3e96\" data-element_type=\"widget\" data-e-type=\"widget\" data-widget_type=\"image.default\">\n\t\t\t\t<div class=\"elementor-widget-container\">\n\t\t\t\t\t\t\t\t\t\t\t\t\t\t\t<img decoding=\"async\" width=\"150\" height=\"150\" src=\"https:\/\/www.imds-professional.com\/wp-content\/uploads\/2022\/04\/ZahnradBlatt_RGB_freigestellt-150x150.png\" class=\"attachment-thumbnail size-thumbnail wp-image-29540\" alt=\"Logo, Zahnrad, Blatt in orange, Banca dati IMDS,REACH IT, Legge sulla catena di fornitura, Formazione CEPA, Ordinanza sui dispositivi medici\" srcset=\"https:\/\/www.imds-professional.com\/wp-content\/uploads\/2022\/04\/ZahnradBlatt_RGB_freigestellt-150x150.png 150w, https:\/\/www.imds-professional.com\/wp-content\/uploads\/2022\/04\/ZahnradBlatt_RGB_freigestellt-300x300.png 300w, https:\/\/www.imds-professional.com\/wp-content\/uploads\/2022\/04\/ZahnradBlatt_RGB_freigestellt-1024x1024.png 1024w, https:\/\/www.imds-professional.com\/wp-content\/uploads\/2022\/04\/ZahnradBlatt_RGB_freigestellt-768x768.png 768w, https:\/\/www.imds-professional.com\/wp-content\/uploads\/2022\/04\/ZahnradBlatt_RGB_freigestellt-1536x1536.png 1536w, https:\/\/www.imds-professional.com\/wp-content\/uploads\/2022\/04\/ZahnradBlatt_RGB_freigestellt-600x600.png 600w, https:\/\/www.imds-professional.com\/wp-content\/uploads\/2022\/04\/ZahnradBlatt_RGB_freigestellt.png 1980w\" sizes=\"(max-width: 150px) 100vw, 150px\" \/>\t\t\t\t\t\t\t\t\t\t\t\t\t\t\t<\/div>\n\t\t\t\t<\/div>\n\t\t\t\t<div class=\"elementor-element elementor-element-b80cc81 elementor-widget elementor-widget-heading\" data-id=\"b80cc81\" data-element_type=\"widget\" data-e-type=\"widget\" data-widget_type=\"heading.default\">\n\t\t\t\t<div class=\"elementor-widget-container\">\n\t\t\t\t\t<h2 class=\"elementor-heading-title elementor-size-default\">Servizi relativi al Supply Chain Act<\/h2>\t\t\t\t<\/div>\n\t\t\t\t<\/div>\n\t\t\t\t<div class=\"elementor-element elementor-element-a92e17b elementor-widget elementor-widget-text-editor\" data-id=\"a92e17b\" data-element_type=\"widget\" data-e-type=\"widget\" data-widget_type=\"text-editor.default\">\n\t\t\t\t<div class=\"elementor-widget-container\">\n\t\t\t\t\t\t\t\t\t<p>Avete bisogno di una panoramica di ci\u00f2 che vi aspetta per la vostra azienda? Avete bisogno di aiuto per stabilire processi appropriati? <a href=\"https:\/\/www.imds-professional.com\/it\/contatto\/\">Fissate subito un appuntamento per una prima consulenza gratuita!<\/a><\/p>\t\t\t\t\t\t\t\t<\/div>\n\t\t\t\t<\/div>\n\t\t\t\t<div class=\"elementor-element elementor-element-45178e3 elementor-widget elementor-widget-heading\" data-id=\"45178e3\" data-element_type=\"widget\" data-e-type=\"widget\" data-widget_type=\"heading.default\">\n\t\t\t\t<div class=\"elementor-widget-container\">\n\t\t\t\t\t<h2 class=\"elementor-heading-title elementor-size-default\">Formazione su tutti gli aspetti del Supply Chain Act<\/h2>\t\t\t\t<\/div>\n\t\t\t\t<\/div>\n\t\t\t\t<div class=\"elementor-element elementor-element-5be97eb elementor-widget elementor-widget-text-editor\" data-id=\"5be97eb\" data-element_type=\"widget\" data-e-type=\"widget\" data-widget_type=\"text-editor.default\">\n\t\t\t\t<div class=\"elementor-widget-container\">\n\t\t\t\t\t\t\t\t\t<p>O state cercando una formazione? Presso il nostro <a href=\"https:\/\/www.imds-professional.com\/it\/ipcampus\/\">ipCampus<\/a> troverete corsi di formazione in molte lingue e potrete anche richiedere una formazione esclusiva per la vostra azienda.<\/p>\t\t\t\t\t\t\t\t<\/div>\n\t\t\t\t<\/div>\n\t\t\t\t\t<\/div>\n\t\t<\/div>\n\t\t\t\t\t<\/div>\n\t\t<\/section>\n\t\t\t\t<\/div>\n\t\t","protected":false},"excerpt":{"rendered":"<p>Legge sulla catena di fornitura arrow-icon-size3 Contattaci arrow-icon-size3 Date dei corsi di formazione arrow-icon-size3 Newsletter Torna agli argomenti specialistici Informazioni e servizi sulla legge sulla catena di fornitura Riflettori puntati su sostenibilit\u00e0 e diritti umani Nel nostro mondo interconnesso con catene di approvvigionamento interdipendenti, le questioni della compatibilit\u00e0 ambientale, dei diritti umani e della sostenibilit\u00e0 [&hellip;]<\/p>\n","protected":false},"author":3,"featured_media":0,"parent":0,"menu_order":0,"comment_status":"closed","ping_status":"closed","template":"elementor_header_footer","meta":{"footnotes":""},"class_list":["post-31853","page","type-page","status-publish","hentry","entry","owp-thumbs-layout-horizontal","owp-btn-normal","owp-tabs-layout-horizontal","has-no-thumbnails","has-product-nav"],"yoast_head":"<!-- This site is optimized with the Yoast SEO plugin v27.3 - https:\/\/yoast.com\/product\/yoast-seo-wordpress\/ -->\n<title>Legge sulla catena di fornitura<\/title>\n<meta name=\"description\" content=\"Qui troverete informazioni utili sulla legge tedesca ed europea sugli obblighi di approvvigionamento della catena di fornitura.\" \/>\n<meta name=\"robots\" content=\"index, follow, max-snippet:-1, max-image-preview:large, max-video-preview:-1\" \/>\n<link rel=\"canonical\" href=\"https:\/\/www.imds-professional.com\/it\/legge-sulla-due-diligence-della-catena-di-approvvigionamento\/\" \/>\n<meta property=\"og:locale\" content=\"it_IT\" \/>\n<meta property=\"og:type\" content=\"article\" \/>\n<meta property=\"og:title\" content=\"Legge sulla catena di fornitura\" \/>\n<meta property=\"og:description\" content=\"Qui troverete informazioni utili sulla legge tedesca ed europea sugli obblighi di approvvigionamento della catena di fornitura.\" \/>\n<meta property=\"og:url\" content=\"https:\/\/www.imds-professional.com\/it\/legge-sulla-due-diligence-della-catena-di-approvvigionamento\/\" \/>\n<meta property=\"og:site_name\" content=\"imds-professional\" \/>\n<meta property=\"article:modified_time\" content=\"2026-01-16T12:01:13+00:00\" \/>\n<meta property=\"og:image\" content=\"https:\/\/www.imds-professional.com\/wp-content\/uploads\/2024\/08\/plane-g6bbc3cf2d_1920.jpg\" \/>\n\t<meta property=\"og:image:width\" content=\"1920\" \/>\n\t<meta property=\"og:image:height\" content=\"1173\" \/>\n\t<meta property=\"og:image:type\" content=\"image\/jpeg\" \/>\n<meta name=\"twitter:label1\" content=\"Tempo di lettura stimato\" \/>\n\t<meta name=\"twitter:data1\" content=\"8 minuti\" \/>\n<script type=\"application\/ld+json\" class=\"yoast-schema-graph\">{\"@context\":\"https:\\\/\\\/schema.org\",\"@graph\":[{\"@type\":\"WebPage\",\"@id\":\"https:\\\/\\\/www.imds-professional.com\\\/it\\\/legge-sulla-due-diligence-della-catena-di-approvvigionamento\\\/\",\"url\":\"https:\\\/\\\/www.imds-professional.com\\\/it\\\/legge-sulla-due-diligence-della-catena-di-approvvigionamento\\\/\",\"name\":\"Legge sulla catena di fornitura\",\"isPartOf\":{\"@id\":\"https:\\\/\\\/www.imds-professional.com\\\/#website\"},\"primaryImageOfPage\":{\"@id\":\"https:\\\/\\\/www.imds-professional.com\\\/it\\\/legge-sulla-due-diligence-della-catena-di-approvvigionamento\\\/#primaryimage\"},\"image\":{\"@id\":\"https:\\\/\\\/www.imds-professional.com\\\/it\\\/legge-sulla-due-diligence-della-catena-di-approvvigionamento\\\/#primaryimage\"},\"thumbnailUrl\":\"https:\\\/\\\/www.imds-professional.com\\\/wp-content\\\/uploads\\\/2024\\\/08\\\/plane-g6bbc3cf2d_1920-150x150.jpg\",\"datePublished\":\"2022-05-18T08:19:26+00:00\",\"dateModified\":\"2026-01-16T12:01:13+00:00\",\"description\":\"Qui troverete informazioni utili sulla legge tedesca ed europea sugli obblighi di approvvigionamento della catena di fornitura.\",\"breadcrumb\":{\"@id\":\"https:\\\/\\\/www.imds-professional.com\\\/it\\\/legge-sulla-due-diligence-della-catena-di-approvvigionamento\\\/#breadcrumb\"},\"inLanguage\":\"it-IT\",\"potentialAction\":[{\"@type\":\"ReadAction\",\"target\":[\"https:\\\/\\\/www.imds-professional.com\\\/it\\\/legge-sulla-due-diligence-della-catena-di-approvvigionamento\\\/\"]}]},{\"@type\":\"ImageObject\",\"inLanguage\":\"it-IT\",\"@id\":\"https:\\\/\\\/www.imds-professional.com\\\/it\\\/legge-sulla-due-diligence-della-catena-di-approvvigionamento\\\/#primaryimage\",\"url\":\"https:\\\/\\\/www.imds-professional.com\\\/wp-content\\\/uploads\\\/2024\\\/08\\\/plane-g6bbc3cf2d_1920-150x150.jpg\",\"contentUrl\":\"https:\\\/\\\/www.imds-professional.com\\\/wp-content\\\/uploads\\\/2024\\\/08\\\/plane-g6bbc3cf2d_1920-150x150.jpg\"},{\"@type\":\"BreadcrumbList\",\"@id\":\"https:\\\/\\\/www.imds-professional.com\\\/it\\\/legge-sulla-due-diligence-della-catena-di-approvvigionamento\\\/#breadcrumb\",\"itemListElement\":[{\"@type\":\"ListItem\",\"position\":1,\"name\":\"Startseite\",\"item\":\"https:\\\/\\\/www.imds-professional.com\\\/en\\\/\"},{\"@type\":\"ListItem\",\"position\":2,\"name\":\"Legge sulla due diligence della catena di approvvigionamento\"}]},{\"@type\":\"WebSite\",\"@id\":\"https:\\\/\\\/www.imds-professional.com\\\/#website\",\"url\":\"https:\\\/\\\/www.imds-professional.com\\\/\",\"name\":\"imds-professional\",\"description\":\"Demo Seite f\u00fcr ein Projekt, nicht l\u00f6schen!!! \",\"publisher\":{\"@id\":\"https:\\\/\\\/www.imds-professional.com\\\/#organization\"},\"potentialAction\":[{\"@type\":\"SearchAction\",\"target\":{\"@type\":\"EntryPoint\",\"urlTemplate\":\"https:\\\/\\\/www.imds-professional.com\\\/?s={search_term_string}\"},\"query-input\":{\"@type\":\"PropertyValueSpecification\",\"valueRequired\":true,\"valueName\":\"search_term_string\"}}],\"inLanguage\":\"it-IT\"},{\"@type\":\"Organization\",\"@id\":\"https:\\\/\\\/www.imds-professional.com\\\/#organization\",\"name\":\"imds professional GmbH & Co. KG\",\"url\":\"https:\\\/\\\/www.imds-professional.com\\\/\",\"logo\":{\"@type\":\"ImageObject\",\"inLanguage\":\"it-IT\",\"@id\":\"https:\\\/\\\/www.imds-professional.com\\\/#\\\/schema\\\/logo\\\/image\\\/\",\"url\":\"https:\\\/\\\/www.imds-professional.com\\\/wp-content\\\/uploads\\\/2021\\\/06\\\/Logo-TransparentHeader.png\",\"contentUrl\":\"https:\\\/\\\/www.imds-professional.com\\\/wp-content\\\/uploads\\\/2021\\\/06\\\/Logo-TransparentHeader.png\",\"width\":5012,\"height\":2111,\"caption\":\"imds professional GmbH & Co. KG\"},\"image\":{\"@id\":\"https:\\\/\\\/www.imds-professional.com\\\/#\\\/schema\\\/logo\\\/image\\\/\"}}]}<\/script>\n<!-- \/ Yoast SEO plugin. -->","yoast_head_json":{"title":"Legge sulla catena di fornitura","description":"Qui troverete informazioni utili sulla legge tedesca ed europea sugli obblighi di approvvigionamento della catena di fornitura.","robots":{"index":"index","follow":"follow","max-snippet":"max-snippet:-1","max-image-preview":"max-image-preview:large","max-video-preview":"max-video-preview:-1"},"canonical":"https:\/\/www.imds-professional.com\/it\/legge-sulla-due-diligence-della-catena-di-approvvigionamento\/","og_locale":"it_IT","og_type":"article","og_title":"Legge sulla catena di fornitura","og_description":"Qui troverete informazioni utili sulla legge tedesca ed europea sugli obblighi di approvvigionamento della catena di fornitura.","og_url":"https:\/\/www.imds-professional.com\/it\/legge-sulla-due-diligence-della-catena-di-approvvigionamento\/","og_site_name":"imds-professional","article_modified_time":"2026-01-16T12:01:13+00:00","og_image":[{"width":1920,"height":1173,"url":"https:\/\/www.imds-professional.com\/wp-content\/uploads\/2024\/08\/plane-g6bbc3cf2d_1920.jpg","type":"image\/jpeg"}],"twitter_misc":{"Tempo di lettura stimato":"8 minuti"},"schema":{"@context":"https:\/\/schema.org","@graph":[{"@type":"WebPage","@id":"https:\/\/www.imds-professional.com\/it\/legge-sulla-due-diligence-della-catena-di-approvvigionamento\/","url":"https:\/\/www.imds-professional.com\/it\/legge-sulla-due-diligence-della-catena-di-approvvigionamento\/","name":"Legge sulla catena di fornitura","isPartOf":{"@id":"https:\/\/www.imds-professional.com\/#website"},"primaryImageOfPage":{"@id":"https:\/\/www.imds-professional.com\/it\/legge-sulla-due-diligence-della-catena-di-approvvigionamento\/#primaryimage"},"image":{"@id":"https:\/\/www.imds-professional.com\/it\/legge-sulla-due-diligence-della-catena-di-approvvigionamento\/#primaryimage"},"thumbnailUrl":"https:\/\/www.imds-professional.com\/wp-content\/uploads\/2024\/08\/plane-g6bbc3cf2d_1920-150x150.jpg","datePublished":"2022-05-18T08:19:26+00:00","dateModified":"2026-01-16T12:01:13+00:00","description":"Qui troverete informazioni utili sulla legge tedesca ed europea sugli obblighi di approvvigionamento della catena di fornitura.","breadcrumb":{"@id":"https:\/\/www.imds-professional.com\/it\/legge-sulla-due-diligence-della-catena-di-approvvigionamento\/#breadcrumb"},"inLanguage":"it-IT","potentialAction":[{"@type":"ReadAction","target":["https:\/\/www.imds-professional.com\/it\/legge-sulla-due-diligence-della-catena-di-approvvigionamento\/"]}]},{"@type":"ImageObject","inLanguage":"it-IT","@id":"https:\/\/www.imds-professional.com\/it\/legge-sulla-due-diligence-della-catena-di-approvvigionamento\/#primaryimage","url":"https:\/\/www.imds-professional.com\/wp-content\/uploads\/2024\/08\/plane-g6bbc3cf2d_1920-150x150.jpg","contentUrl":"https:\/\/www.imds-professional.com\/wp-content\/uploads\/2024\/08\/plane-g6bbc3cf2d_1920-150x150.jpg"},{"@type":"BreadcrumbList","@id":"https:\/\/www.imds-professional.com\/it\/legge-sulla-due-diligence-della-catena-di-approvvigionamento\/#breadcrumb","itemListElement":[{"@type":"ListItem","position":1,"name":"Startseite","item":"https:\/\/www.imds-professional.com\/en\/"},{"@type":"ListItem","position":2,"name":"Legge sulla due diligence della catena di approvvigionamento"}]},{"@type":"WebSite","@id":"https:\/\/www.imds-professional.com\/#website","url":"https:\/\/www.imds-professional.com\/","name":"imds-professional","description":"Demo Seite f\u00fcr ein Projekt, nicht l\u00f6schen!!! ","publisher":{"@id":"https:\/\/www.imds-professional.com\/#organization"},"potentialAction":[{"@type":"SearchAction","target":{"@type":"EntryPoint","urlTemplate":"https:\/\/www.imds-professional.com\/?s={search_term_string}"},"query-input":{"@type":"PropertyValueSpecification","valueRequired":true,"valueName":"search_term_string"}}],"inLanguage":"it-IT"},{"@type":"Organization","@id":"https:\/\/www.imds-professional.com\/#organization","name":"imds professional GmbH & Co. KG","url":"https:\/\/www.imds-professional.com\/","logo":{"@type":"ImageObject","inLanguage":"it-IT","@id":"https:\/\/www.imds-professional.com\/#\/schema\/logo\/image\/","url":"https:\/\/www.imds-professional.com\/wp-content\/uploads\/2021\/06\/Logo-TransparentHeader.png","contentUrl":"https:\/\/www.imds-professional.com\/wp-content\/uploads\/2021\/06\/Logo-TransparentHeader.png","width":5012,"height":2111,"caption":"imds professional GmbH & Co. KG"},"image":{"@id":"https:\/\/www.imds-professional.com\/#\/schema\/logo\/image\/"}}]}},"_links":{"self":[{"href":"https:\/\/www.imds-professional.com\/it\/wp-json\/wp\/v2\/pages\/31853","targetHints":{"allow":["GET"]}}],"collection":[{"href":"https:\/\/www.imds-professional.com\/it\/wp-json\/wp\/v2\/pages"}],"about":[{"href":"https:\/\/www.imds-professional.com\/it\/wp-json\/wp\/v2\/types\/page"}],"author":[{"embeddable":true,"href":"https:\/\/www.imds-professional.com\/it\/wp-json\/wp\/v2\/users\/3"}],"replies":[{"embeddable":true,"href":"https:\/\/www.imds-professional.com\/it\/wp-json\/wp\/v2\/comments?post=31853"}],"version-history":[{"count":9,"href":"https:\/\/www.imds-professional.com\/it\/wp-json\/wp\/v2\/pages\/31853\/revisions"}],"predecessor-version":[{"id":70475,"href":"https:\/\/www.imds-professional.com\/it\/wp-json\/wp\/v2\/pages\/31853\/revisions\/70475"}],"wp:attachment":[{"href":"https:\/\/www.imds-professional.com\/it\/wp-json\/wp\/v2\/media?parent=31853"}],"curies":[{"name":"wp","href":"https:\/\/api.w.org\/{rel}","templated":true}]}}